{"id":36,"date":"2026-03-03T09:26:16","date_gmt":"2026-03-03T08:26:16","guid":{"rendered":"https:\/\/site13.monsitecommeunpro.fr\/?page_id=36"},"modified":"2026-03-24T11:35:34","modified_gmt":"2026-03-24T10:35:34","slug":"sacs-en-cuir","status":"publish","type":"page","link":"https:\/\/site13.monsitecommeunpro.fr\/?page_id=36","title":{"rendered":"Sacs en cuir"},"content":{"rendered":"\n<div class=\"wp-block-media-text is-stacked-on-mobile\" style=\"grid-template-columns:49% auto\"><figure class=\"wp-block-media-text__media\"><img loading=\"lazy\" decoding=\"async\" width=\"1024\" height=\"1024\" src=\"https:\/\/site13.monsitecommeunpro.fr\/wp-content\/uploads\/2026\/03\/Sac-par-saison-3.png\" alt=\"\" class=\"wp-image-135 size-full\" srcset=\"https:\/\/site13.monsitecommeunpro.fr\/wp-content\/uploads\/2026\/03\/Sac-par-saison-3.png 1024w, https:\/\/site13.monsitecommeunpro.fr\/wp-content\/uploads\/2026\/03\/Sac-par-saison-3-300x300.png 300w, https:\/\/site13.monsitecommeunpro.fr\/wp-content\/uploads\/2026\/03\/Sac-par-saison-3-150x150.png 150w, https:\/\/site13.monsitecommeunpro.fr\/wp-content\/uploads\/2026\/03\/Sac-par-saison-3-768x768.png 768w\" sizes=\"auto, (max-width: 1024px) 100vw, 1024px\" \/><\/figure><div class=\"wp-block-media-text__content\">\n<p class=\"has-ast-global-color-8-color has-text-color has-link-color has-medium-font-size wp-elements-0b924fa9a7ff8ca274b873bba65fe94a\">Notre deuxi\u00e8me cr\u00e9ation \u00e0 \u00e9t\u00e9 la gamme \u00ab\u00a0saison\u00a0\u00bb avec pour chaque saison un produit qui la repr\u00e9sente.<\/p>\n\n\n\n<p class=\"has-ast-global-color-8-color has-text-color has-link-color has-medium-font-size wp-elements-007ae0c0592bce0978e1e89a7aaf3689\">Nous avons utilis\u00e9s des couleurs et des motifs qui se rapproche le plus des saisons avec un produit unique avec de la laine pour la gamme Hiver. <\/p>\n<\/div><\/div>\n\n\n\n<div class=\"wp-block-media-text is-stacked-on-mobile has-ast-global-color-8-color has-text-color has-link-color wp-elements-a78094bd3d581f634ff7c81def13eed3\"><figure class=\"wp-block-media-text__media\"><img loading=\"lazy\" decoding=\"async\" width=\"765\" height=\"1024\" src=\"https:\/\/site13.monsitecommeunpro.fr\/wp-content\/uploads\/2026\/03\/IMG_0645-2-765x1024.jpg\" alt=\"\" class=\"wp-image-131 size-full\" srcset=\"https:\/\/site13.monsitecommeunpro.fr\/wp-content\/uploads\/2026\/03\/IMG_0645-2-765x1024.jpg 765w, https:\/\/site13.monsitecommeunpro.fr\/wp-content\/uploads\/2026\/03\/IMG_0645-2-224x300.jpg 224w, https:\/\/site13.monsitecommeunpro.fr\/wp-content\/uploads\/2026\/03\/IMG_0645-2-768x1029.jpg 768w, https:\/\/site13.monsitecommeunpro.fr\/wp-content\/uploads\/2026\/03\/IMG_0645-2.jpg 905w\" sizes=\"auto, (max-width: 765px) 100vw, 765px\" \/><\/figure><div class=\"wp-block-media-text__content\">\n<p class=\"has-ast-global-color-8-color has-text-color has-link-color has-medium-font-size wp-elements-373d95fb1e25bc36228d2310ea26ebd7\">On vous pr\u00e9sente une collection de sacs \u00e9l\u00e9gants aux tons rouges, roses et blancs, inspir\u00e9e d\u2019une \u00e9dition sp\u00e9ciale Saint-Valentin. <\/p>\n\n\n\n<p class=\"has-ast-global-color-8-color has-text-color has-link-color has-medium-font-size wp-elements-781fb94a37c17cf96721d40835687f3f\">Les mod\u00e8les varient entre sac rigide, sac demi-lune, sac seau et petit sac \u00e0 main. Les mati\u00e8res et textures, comme le cuir lisse, le velours et les motifs en relief, apportent une touche raffin\u00e9e. <\/p>\n\n\n\n<p class=\"has-ast-global-color-8-color has-text-color has-link-color has-medium-font-size wp-elements-49777559a836b90507875d641c5280dc\">Les d\u00e9tails dor\u00e9s et les monogrammes renforcent l\u2019aspect chic et luxueux. L\u2019ensemble est mis en sc\u00e8ne dans une ambiance douce et romantique.<br><br><\/p>\n<\/div><\/div>\n\n\n\n<div class=\"wp-block-media-text is-stacked-on-mobile has-ast-global-color-8-color has-text-color has-link-color wp-elements-eddfbbe55205561a6cc9ca843a51b452\"><figure class=\"wp-block-media-text__media\"><img loading=\"lazy\" decoding=\"async\" width=\"1024\" height=\"1024\" src=\"https:\/\/site13.monsitecommeunpro.fr\/wp-content\/uploads\/2026\/03\/Nouvelle-gamme-de-produit-bleu-et-blanc-2.png\" alt=\"\" class=\"wp-image-136 size-full\" srcset=\"https:\/\/site13.monsitecommeunpro.fr\/wp-content\/uploads\/2026\/03\/Nouvelle-gamme-de-produit-bleu-et-blanc-2.png 1024w, https:\/\/site13.monsitecommeunpro.fr\/wp-content\/uploads\/2026\/03\/Nouvelle-gamme-de-produit-bleu-et-blanc-2-300x300.png 300w, https:\/\/site13.monsitecommeunpro.fr\/wp-content\/uploads\/2026\/03\/Nouvelle-gamme-de-produit-bleu-et-blanc-2-150x150.png 150w, https:\/\/site13.monsitecommeunpro.fr\/wp-content\/uploads\/2026\/03\/Nouvelle-gamme-de-produit-bleu-et-blanc-2-768x768.png 768w\" sizes=\"auto, (max-width: 1024px) 100vw, 1024px\" \/><\/figure><div class=\"wp-block-media-text__content\">\n<p class=\"has-ast-global-color-8-color has-text-color has-link-color has-medium-font-size wp-elements-9340acfdaa3a8d70ff599d2f9638f4a0\">Notre nouvelle gamme de sacs se d\u00e9cline dans des <strong>tons \u00e9l\u00e9gants de bleu pastel et de blanc<\/strong>, apportant une touche \u00e0 la fois moderne et raffin\u00e9e.<\/p>\n\n\n\n<p class=\"has-ast-global-color-8-color has-text-color has-link-color has-medium-font-size wp-elements-b717e7c595e5ac6623850b41bd26d346\"> Les mod\u00e8les proposent <strong>diff\u00e9rentes formes<\/strong> : sac structur\u00e9, sac seau ou encore sac matelass\u00e9. Les <strong>textures vari\u00e9es<\/strong> (cuir lisse, matelass\u00e9 ou effet crocodile) ajoutent du caract\u00e8re \u00e0 la collection.<\/p>\n\n\n\n<p class=\"has-ast-global-color-8-color has-text-color has-link-color has-medium-font-size wp-elements-52f7b09305277b5c120ac1fbc0662217\">Le <strong>monogramme dor\u00e9<\/strong> et les d\u00e9tails m\u00e9talliques renforcent l\u2019aspect chic et sophistiqu\u00e9. Cette gamme associe <strong>\u00e9l\u00e9gance, modernit\u00e9 et polyvalence<\/strong> pour s\u2019adapter \u00e0 diff\u00e9rents styles<\/p>\n<\/div><\/div>\n","protected":false},"excerpt":{"rendered":"<p>Notre deuxi\u00e8me cr\u00e9ation \u00e0 \u00e9t\u00e9 la gamme \u00ab\u00a0saison\u00a0\u00bb avec pour chaque saison un produit qui la repr\u00e9sente. Nous avons utilis\u00e9s [&hellip;]<\/p>\n","protected":false},"author":1,"featured_media":0,"parent":0,"menu_order":0,"comment_status":"closed","ping_status":"closed","template":"","meta":{"site-sidebar-layout":"default","site-content-layout":"","ast-site-content-layout":"default","site-content-style":"default","site-sidebar-style":"default","ast-global-header-display":"","ast-banner-title-visibility":"","ast-main-header-display":"","ast-hfb-above-header-display":"","ast-hfb-below-header-display":"","ast-hfb-mobile-header-display":"","site-post-title":"","ast-breadcrumbs-content":"","ast-featured-img":"","footer-sml-layout":"","theme-transparent-header-meta":"","adv-header-id-meta":"","stick-header-meta":"","header-above-stick-meta":"","header-main-stick-meta":"","header-below-stick-meta":"","astra-migrate-meta-layouts":"default","ast-page-background-enabled":"default","ast-page-background-meta":{"desktop":{"background-color":"var(--ast-global-color-5)","background-image":"","background-repeat":"repeat","background-position":"center center","background-size":"auto","background-attachment":"scroll","background-type":"","background-media":"","overlay-type":"","overlay-color":"","overlay-opacity":"","overlay-gradient":""},"tablet":{"background-color":"","background-image":"","background-repeat":"repeat","background-position":"center center","background-size":"auto","background-attachment":"scroll","background-type":"","background-media":"","overlay-type":"","overlay-color":"","overlay-opacity":"","overlay-gradient":""},"mobile":{"background-color":"","background-image":"","background-repeat":"repeat","background-position":"center center","background-size":"auto","background-attachment":"scroll","background-type":"","background-media":"","overlay-type":"","overlay-color":"","overlay-opacity":"","overlay-gradient":""}},"ast-content-background-meta":{"desktop":{"background-color":"var(--ast-global-color-4)","background-image":"","background-repeat":"repeat","background-position":"center center","background-size":"auto","background-attachment":"scroll","background-type":"","background-media":"","overlay-type":"","overlay-color":"","overlay-opacity":"","overlay-gradient":""},"tablet":{"background-color":"var(--ast-global-color-4)","background-image":"","background-repeat":"repeat","background-position":"center center","background-size":"auto","background-attachment":"scroll","background-type":"","background-media":"","overlay-type":"","overlay-color":"","overlay-opacity":"","overlay-gradient":""},"mobile":{"background-color":"var(--ast-global-color-4)","background-image":"","background-repeat":"repeat","background-position":"center center","background-size":"auto","background-attachment":"scroll","background-type":"","background-media":"","overlay-type":"","overlay-color":"","overlay-opacity":"","overlay-gradient":""}},"footnotes":""},"class_list":["post-36","page","type-page","status-publish","hentry"],"yoast_head":"<!-- This site is optimized with the Yoast SEO plugin v27.0 - https:\/\/yoast.com\/product\/yoast-seo-wordpress\/ -->\n<title>Sacs en cuir -<\/title>\n<meta name=\"robots\" content=\"index, follow, max-snippet:-1, max-image-preview:large, max-video-preview:-1\" \/>\n<link rel=\"canonical\" href=\"https:\/\/site13.monsitecommeunpro.fr\/?page_id=36\" \/>\n<meta property=\"og:locale\" content=\"fr_FR\" \/>\n<meta property=\"og:type\" content=\"article\" \/>\n<meta property=\"og:title\" content=\"Sacs en cuir -\" \/>\n<meta property=\"og:description\" content=\"Notre deuxi\u00e8me cr\u00e9ation \u00e0 \u00e9t\u00e9 la gamme \u00ab\u00a0saison\u00a0\u00bb avec pour chaque saison un produit qui la repr\u00e9sente. Nous avons utilis\u00e9s [&hellip;]\" \/>\n<meta property=\"og:url\" content=\"https:\/\/site13.monsitecommeunpro.fr\/?page_id=36\" \/>\n<meta property=\"article:modified_time\" content=\"2026-03-24T10:35:34+00:00\" \/>\n<meta property=\"og:image\" content=\"https:\/\/site13.monsitecommeunpro.fr\/wp-content\/uploads\/2026\/03\/Sac-par-saison-3.png\" \/>\n\t<meta property=\"og:image:width\" content=\"1024\" \/>\n\t<meta property=\"og:image:height\" content=\"1024\" \/>\n\t<meta property=\"og:image:type\" content=\"image\/png\" \/>\n<meta name=\"twitter:card\" content=\"summary_large_image\" \/>\n<meta name=\"twitter:label1\" content=\"Dur\u00e9e de lecture estim\u00e9e\" \/>\n\t<meta name=\"twitter:data1\" content=\"1 minute\" \/>\n<script type=\"application\/ld+json\" class=\"yoast-schema-graph\">{\"@context\":\"https:\/\/schema.org\",\"@graph\":[{\"@type\":\"WebPage\",\"@id\":\"https:\/\/site13.monsitecommeunpro.fr\/?page_id=36\",\"url\":\"https:\/\/site13.monsitecommeunpro.fr\/?page_id=36\",\"name\":\"Sacs en cuir -\",\"isPartOf\":{\"@id\":\"https:\/\/site13.monsitecommeunpro.fr\/#website\"},\"primaryImageOfPage\":{\"@id\":\"https:\/\/site13.monsitecommeunpro.fr\/?page_id=36#primaryimage\"},\"image\":{\"@id\":\"https:\/\/site13.monsitecommeunpro.fr\/?page_id=36#primaryimage\"},\"thumbnailUrl\":\"https:\/\/site13.monsitecommeunpro.fr\/wp-content\/uploads\/2026\/03\/Sac-par-saison-3.png\",\"datePublished\":\"2026-03-03T08:26:16+00:00\",\"dateModified\":\"2026-03-24T10:35:34+00:00\",\"breadcrumb\":{\"@id\":\"https:\/\/site13.monsitecommeunpro.fr\/?page_id=36#breadcrumb\"},\"inLanguage\":\"fr-FR\",\"potentialAction\":[{\"@type\":\"ReadAction\",\"target\":[\"https:\/\/site13.monsitecommeunpro.fr\/?page_id=36\"]}]},{\"@type\":\"ImageObject\",\"inLanguage\":\"fr-FR\",\"@id\":\"https:\/\/site13.monsitecommeunpro.fr\/?page_id=36#primaryimage\",\"url\":\"https:\/\/site13.monsitecommeunpro.fr\/wp-content\/uploads\/2026\/03\/Sac-par-saison-3.png\",\"contentUrl\":\"https:\/\/site13.monsitecommeunpro.fr\/wp-content\/uploads\/2026\/03\/Sac-par-saison-3.png\",\"width\":1024,\"height\":1024},{\"@type\":\"BreadcrumbList\",\"@id\":\"https:\/\/site13.monsitecommeunpro.fr\/?page_id=36#breadcrumb\",\"itemListElement\":[{\"@type\":\"ListItem\",\"position\":1,\"name\":\"Accueil\",\"item\":\"https:\/\/site13.monsitecommeunpro.fr\/\"},{\"@type\":\"ListItem\",\"position\":2,\"name\":\"Sacs en cuir\"}]},{\"@type\":\"WebSite\",\"@id\":\"https:\/\/site13.monsitecommeunpro.fr\/#website\",\"url\":\"https:\/\/site13.monsitecommeunpro.fr\/\",\"name\":\"\",\"description\":\"\",\"potentialAction\":[{\"@type\":\"SearchAction\",\"target\":{\"@type\":\"EntryPoint\",\"urlTemplate\":\"https:\/\/site13.monsitecommeunpro.fr\/?s={search_term_string}\"},\"query-input\":{\"@type\":\"PropertyValueSpecification\",\"valueRequired\":true,\"valueName\":\"search_term_string\"}}],\"inLanguage\":\"fr-FR\"}]}<\/script>\n<!-- \/ Yoast SEO plugin. -->","yoast_head_json":{"title":"Sacs en cuir -","robots":{"index":"index","follow":"follow","max-snippet":"max-snippet:-1","max-image-preview":"max-image-preview:large","max-video-preview":"max-video-preview:-1"},"canonical":"https:\/\/site13.monsitecommeunpro.fr\/?page_id=36","og_locale":"fr_FR","og_type":"article","og_title":"Sacs en cuir -","og_description":"Notre deuxi\u00e8me cr\u00e9ation \u00e0 \u00e9t\u00e9 la gamme \u00ab\u00a0saison\u00a0\u00bb avec pour chaque saison un produit qui la repr\u00e9sente. Nous avons utilis\u00e9s [&hellip;]","og_url":"https:\/\/site13.monsitecommeunpro.fr\/?page_id=36","article_modified_time":"2026-03-24T10:35:34+00:00","og_image":[{"width":1024,"height":1024,"url":"https:\/\/site13.monsitecommeunpro.fr\/wp-content\/uploads\/2026\/03\/Sac-par-saison-3.png","type":"image\/png"}],"twitter_card":"summary_large_image","twitter_misc":{"Dur\u00e9e de lecture estim\u00e9e":"1 minute"},"schema":{"@context":"https:\/\/schema.org","@graph":[{"@type":"WebPage","@id":"https:\/\/site13.monsitecommeunpro.fr\/?page_id=36","url":"https:\/\/site13.monsitecommeunpro.fr\/?page_id=36","name":"Sacs en cuir -","isPartOf":{"@id":"https:\/\/site13.monsitecommeunpro.fr\/#website"},"primaryImageOfPage":{"@id":"https:\/\/site13.monsitecommeunpro.fr\/?page_id=36#primaryimage"},"image":{"@id":"https:\/\/site13.monsitecommeunpro.fr\/?page_id=36#primaryimage"},"thumbnailUrl":"https:\/\/site13.monsitecommeunpro.fr\/wp-content\/uploads\/2026\/03\/Sac-par-saison-3.png","datePublished":"2026-03-03T08:26:16+00:00","dateModified":"2026-03-24T10:35:34+00:00","breadcrumb":{"@id":"https:\/\/site13.monsitecommeunpro.fr\/?page_id=36#breadcrumb"},"inLanguage":"fr-FR","potentialAction":[{"@type":"ReadAction","target":["https:\/\/site13.monsitecommeunpro.fr\/?page_id=36"]}]},{"@type":"ImageObject","inLanguage":"fr-FR","@id":"https:\/\/site13.monsitecommeunpro.fr\/?page_id=36#primaryimage","url":"https:\/\/site13.monsitecommeunpro.fr\/wp-content\/uploads\/2026\/03\/Sac-par-saison-3.png","contentUrl":"https:\/\/site13.monsitecommeunpro.fr\/wp-content\/uploads\/2026\/03\/Sac-par-saison-3.png","width":1024,"height":1024},{"@type":"BreadcrumbList","@id":"https:\/\/site13.monsitecommeunpro.fr\/?page_id=36#breadcrumb","itemListElement":[{"@type":"ListItem","position":1,"name":"Accueil","item":"https:\/\/site13.monsitecommeunpro.fr\/"},{"@type":"ListItem","position":2,"name":"Sacs en cuir"}]},{"@type":"WebSite","@id":"https:\/\/site13.monsitecommeunpro.fr\/#website","url":"https:\/\/site13.monsitecommeunpro.fr\/","name":"","description":"","potentialAction":[{"@type":"SearchAction","target":{"@type":"EntryPoint","urlTemplate":"https:\/\/site13.monsitecommeunpro.fr\/?s={search_term_string}"},"query-input":{"@type":"PropertyValueSpecification","valueRequired":true,"valueName":"search_term_string"}}],"inLanguage":"fr-FR"}]}},"_links":{"self":[{"href":"https:\/\/site13.monsitecommeunpro.fr\/index.php?rest_route=\/wp\/v2\/pages\/36","targetHints":{"allow":["GET"]}}],"collection":[{"href":"https:\/\/site13.monsitecommeunpro.fr\/index.php?rest_route=\/wp\/v2\/pages"}],"about":[{"href":"https:\/\/site13.monsitecommeunpro.fr\/index.php?rest_route=\/wp\/v2\/types\/page"}],"author":[{"embeddable":true,"href":"https:\/\/site13.monsitecommeunpro.fr\/index.php?rest_route=\/wp\/v2\/users\/1"}],"replies":[{"embeddable":true,"href":"https:\/\/site13.monsitecommeunpro.fr\/index.php?rest_route=%2Fwp%2Fv2%2Fcomments&post=36"}],"version-history":[{"count":11,"href":"https:\/\/site13.monsitecommeunpro.fr\/index.php?rest_route=\/wp\/v2\/pages\/36\/revisions"}],"predecessor-version":[{"id":157,"href":"https:\/\/site13.monsitecommeunpro.fr\/index.php?rest_route=\/wp\/v2\/pages\/36\/revisions\/157"}],"wp:attachment":[{"href":"https:\/\/site13.monsitecommeunpro.fr\/index.php?rest_route=%2Fwp%2Fv2%2Fmedia&parent=36"}],"curies":[{"name":"wp","href":"https:\/\/api.w.org\/{rel}","templated":true}]}}